{"id":464,"date":"2022-03-02T18:12:49","date_gmt":"2022-03-02T17:12:49","guid":{"rendered":"https:\/\/almed.home.pl\/almed\/?page_id=464"},"modified":"2022-03-02T19:22:22","modified_gmt":"2022-03-02T18:22:22","slug":"deklaracje-rodo","status":"publish","type":"page","link":"https:\/\/almed.home.pl\/almed\/deklaracje-rodo\/","title":{"rendered":"Deklaracje RODO"},"content":{"rendered":"\n<p class=\"has-text-align-center\"><strong>INFORMACJA<\/strong><\/p>\n\n\n\n<p>Z uwagi na obowi\u0105zek stosowania od dnia 25 maja 2018 r. Rozporz\u0105dzenia Parlamentu Europejskiego i Rady (UE) 2016\/679 z dnia 27 kwietnia 2016 r. w sprawie ochrony os\u00f3b fizycznych w zwi\u0105zku z przetwarzaniem danych osobowych i&nbsp;w sprawie swobodnego przep\u0142ywu takich danych oraz uchylenia dyrektywy 95\/46\/WE (og\u00f3lne rozporz\u0105dzenie o ochronie danych) (Dz. U. UE. L. z 2016 r. Nr 119, str. 1) (dalej: Rozporz\u0105dzenie RODO), aktualne b\u0119d\u0105 poni\u017csze zasady zwi\u0105zane z&nbsp;przetwarzaniem udost\u0119pnionych dla Niepubliczny Zak\u0142ad Opieki Zdrowotnej \u201eALMED\u201d Sp. z o.o. ul. Dworcowa 14 82-200 Malbork &#8211; Pani\/Pana danych osobowych :<\/p>\n\n\n\n<p>I. Administratorem danych jest <strong>Niepubliczny Zak\u0142ad Opieki Zdrowotnej \u201eALMED\u201d Sp. z o.o. ul. Dworcowa 14 82-200 Malbork<\/strong><\/p>\n\n\n\n<p>II. Kontakt z Inspektorem Ochrony Danych jest mo\u017cliwy za pomoc\u0105 poczty elektronicznej pod adresem \u2013 askowron@mainsoft.pl,<\/p>\n\n\n\n<p>III. W\/w administrator danych osobowych, zgodnie z art. 6 Rozporz\u0105dzenia RODO przetwarza dane osobowe w przypadku, gdy spe\u0142niony jest co najmniej jeden z poni\u017cszych warunk\u00f3w:<\/p>\n\n\n\n<ol class=\"wp-block-list\" type=\"1\"><li>osoba, kt\u00f3rej dane dotycz\u0105 wyrazi\u0142a zgod\u0119 na przetwarzanie swoich danych osobowych w jednym lub wi\u0119kszej liczbie okre\u015blonych cel\u00f3w;<\/li><li>przetwarzanie jest niezb\u0119dne do wykonania umowy, kt\u00f3rej stron\u0105 jest osoba, kt\u00f3rej dane dotycz\u0105, lub do podj\u0119cia dzia\u0142a\u0144 na \u017c\u0105danie osoby, kt\u00f3rej dane dotycz\u0105, przed zawarciem umowy;<\/li><li>przetwarzanie jest niezb\u0119dne do wype\u0142nienia obowi\u0105zku prawnego ci\u0105\u017c\u0105cego na administratorze;<\/li><li>przetwarzanie jest niezb\u0119dne do ochrony \u017cywotnych interes\u00f3w osoby, kt\u00f3rej dane dotycz\u0105, lub innej osoby fizycznej;<\/li><li>przetwarzanie jest niezb\u0119dne do wykonania zadania realizowanego w interesie publicznym lub w ramach sprawowania w\u0142adzy publicznej powierzonej administratorowi;<\/li><li>przetwarzanie jest niezb\u0119dne do cel\u00f3w wynikaj\u0105cych z prawnie uzasadnionych interes\u00f3w realizowanych przez administratora lub przez stron\u0119 trzeci\u0105, z wyj\u0105tkiem sytuacji, w kt\u00f3rych nadrz\u0119dny charakter wobec tych interes\u00f3w maj\u0105 interesy lub podstawowe prawa i&nbsp;wolno\u015bci osoby, kt\u00f3rej dane dotycz\u0105, wymagaj\u0105ce ochrony danych osobowych, w szczeg\u00f3lno\u015bci gdy osoba, kt\u00f3rej dane dotycz\u0105, jest dzieckiem.<\/li><\/ol>\n\n\n\n<p>IV. Dane osobowe przetwarzane b\u0119d\u0105 w celu realizacji zapis\u00f3w ustaw:<\/p>\n\n\n\n<p><strong>Dz. U. 2011 nr 112 poz 654 z dnia 15 kwietnia 2011 o dzia\u0142alno\u015bci leczniczej<\/strong><\/p>\n\n\n\n<p>V. W zwi\u0105zku z przetwarzaniem udost\u0119pnionych przez Pana\/Pani\u0105 danych osobowych przys\u0142uguje Pani\/Panu:<\/p>\n\n\n\n<ol class=\"wp-block-list\" type=\"1\"><li>prawo dost\u0119pu do swoich danych, na podstawie art. 15 Rozporz\u0105dzenia RODO;<\/li><li>prawo do sprostowania swoich danych, na podstawie art. 16 Rozporz\u0105dzenia RODO;<\/li><li>prawo do usuni\u0119cia swoich danych, na podstawie art. 17 Rozporz\u0105dzenia RODO;<\/li><li>prawo do ograniczenia przetwarzania swoich danych, na podstawie art. 18 Rozporz\u0105dzenia RODO;<\/li><li>prawo do wniesienia sprzeciwu wobec przetwarzania swoich danych na podstawie art. 21 Rozporz\u0105dzenia RODO;<\/li><li>prawo do przenoszenia swoich danych, na podstawie art. 20 Rozporz\u0105dzenia RODO.<\/li><\/ol>\n\n\n\n<p>VI. Dane osobowe mog\u0105 by\u0107 przekazywane:<\/p>\n\n\n\n<ol class=\"wp-block-list\" type=\"1\"><li>upowa\u017cnionym z mocy prawa podmiotom;<\/li><li>dostawcom system\u00f3w IT, z kt\u00f3rymi wsp\u00f3\u0142pracuje Administrator, w celu utrzymania ci\u0105g\u0142o\u015bci oraz poprawno\u015bci dzia\u0142ania system\u00f3w;<\/li><li>podmiotom prowadz\u0105cym dzia\u0142alno\u015b\u0107 pocztow\u0105 lub kuriersk\u0105, w celu dostarczenia korespondencji;<\/li><li>podmiotom z kt\u00f3rymi wsp\u00f3\u0142pracuje Administrator w zakresie obs\u0142ugi interesant\u00f3w (m.in.: t\u0142umacz przysi\u0119g\u0142y).<\/li><\/ol>\n\n\n\n<p>VII. W przypadkach, w kt\u00f3rych przetwarzanie Pani\/Pana danych osobowych odbywa si\u0119 na podstawie art.6 ust.1 lit. a Rozporz\u0105dzenia RODO, tj. zgody na przetwarzanie danych osobowych przys\u0142uguje Pani\/ Panu prawo do cofni\u0119cia tej zgody w dowolnym momencie.<\/p>\n\n\n\n<p>VIII. W przypadku uznania, \u017ce przetwarzanie przez w\/w administratora Pani\/Pana danych osobowych narusza przepisy Rozporz\u0105dzenia RODO, przys\u0142uguje Pani\/Panu prawo do wniesienia skargi do organu nadzorczego tj. Urz\u0119du Ochrony Danych Osobowych.<\/p>\n\n\n\n<hr class=\"wp-block-separator\"\/>\n\n\n\n<p class=\"has-text-align-center\"><strong>Szczeg\u00f3\u0142owe klauzule informacyjne w zakresie przetwarzania danych osobowych w Niepublicznym Zak\u0142adzie Opieki Medycznej NZOZ ALMED<\/strong> <strong> w Malborku:<\/strong><\/p>\n\n\n\n<div style=\"height:20px\" aria-hidden=\"true\" class=\"wp-block-spacer\"><\/div>\n\n\n\n<figure class=\"wp-block-table\"><table><tbody><tr><td><strong>Klauzula informacyjna w zakresie:<\/strong><\/td><td><strong>Nazwa pliku<\/strong> (kliknij aby otworzy\u0107 plik)<\/td><\/tr><tr><td>Informacja og\u00f3lna<\/td><td><a rel=\"noreferrer noopener\" href=\"https:\/\/almed.home.pl\/almed\/wp-content\/uploads\/2022\/03\/01_OGOLNA.pdf\" target=\"_blank\">01 OGOLNA<\/a><\/td><\/tr><tr><td>Informacja dla pacjent\u00f3w<\/td><td><a href=\"https:\/\/almed.home.pl\/almed\/wp-content\/uploads\/2022\/03\/02_PACJENCI.pdf\" data-type=\"URL\" data-id=\"https:\/\/almed.home.pl\/almed\/wp-content\/uploads\/2022\/03\/02_PACJENCI.pdf\">02 P<\/a><a rel=\"noreferrer noopener\" href=\"https:\/\/almed.home.pl\/almed\/wp-content\/uploads\/2022\/03\/02_PACJENCI.pdf\" data-type=\"URL\" data-id=\"https:\/\/almed.home.pl\/almed\/wp-content\/uploads\/2022\/03\/02_PACJENCI.pdf\" target=\"_blank\">ACJENCI<\/a><\/td><\/tr><tr><td>Informacja dla pracownika<\/td><td><a rel=\"noreferrer noopener\" href=\"https:\/\/almed.home.pl\/almed\/wp-content\/uploads\/2022\/03\/03_PRACOWNICY.pdf\" target=\"_blank\">03 PRACOWNICY<\/a><\/td><\/tr><tr><td>Informacja dla kandydata do pracy<\/td><td><a rel=\"noreferrer noopener\" href=\"https:\/\/almed.home.pl\/almed\/wp-content\/uploads\/2022\/03\/04_KANDYDACI-DO-PRACY.pdf\" target=\"_blank\">0<\/a><a rel=\"noreferrer noopener\" href=\"https:\/\/almed.home.pl\/almed\/wp-content\/uploads\/2022\/03\/04_KANDYDACI-DO-PRACY.pdf\" target=\"_blank\">4 KANDYDACI DO PRACY<\/a><\/td><\/tr><tr><td>Informacja dla kontrahenta\/strony umowy cywilnoprawnej<\/td><td><a rel=\"noreferrer noopener\" href=\"https:\/\/almed.home.pl\/almed\/wp-content\/uploads\/2022\/03\/05_KONTRAHENCI.pdf\" data-type=\"URL\" data-id=\"https:\/\/almed.home.pl\/almed\/wp-content\/uploads\/2022\/03\/05_KONTRAHENCI.pdf\" target=\"_blank\">05 KONTRAHENCI<\/a><\/td><\/tr><tr><td>Informacja dotycz\u0105ca monitoringu wizyjnego<\/td><td><a rel=\"noreferrer noopener\" href=\"https:\/\/almed.home.pl\/almed\/wp-content\/uploads\/2022\/03\/06_MONITORING.pdf\" data-type=\"URL\" data-id=\"https:\/\/almed.home.pl\/almed\/wp-content\/uploads\/2022\/03\/06_MONITORING.pdf\" target=\"_blank\">06 MONITORING<\/a><\/td><\/tr><tr><td>Informacja skr\u00f3cona<\/td><td><a rel=\"noreferrer noopener\" href=\"https:\/\/almed.home.pl\/almed\/wp-content\/uploads\/2022\/03\/07_SKROCONA.pdf\" data-type=\"URL\" data-id=\"https:\/\/almed.home.pl\/almed\/wp-content\/uploads\/2022\/03\/07_SKROCONA.pdf\" target=\"_blank\">07 SKROCONA<\/a><\/td><\/tr><\/tbody><\/table><\/figure>\n\n\n\n<p><\/p>\n","protected":false},"excerpt":{"rendered":"<p>INFORMACJA Z uwagi na obowi\u0105zek stosowania od dnia 25 maja 2018 r. Rozporz\u0105dzenia Parlamentu Europejskiego i Rady (UE) 2016\/679 z dnia 27 kwietnia 2016 r. w sprawie ochrony os\u00f3b fizycznych w zwi\u0105zku z przetwarzaniem danych osobowych i&nbsp;w sprawie swobodnego przep\u0142ywu takich danych oraz uchylenia dyrektywy 95\/46\/WE (og\u00f3lne rozporz\u0105dzenie o ochronie danych) (Dz. U. UE. L. [&hellip;]<\/p>\n","protected":false},"author":3,"featured_media":0,"parent":0,"menu_order":0,"comment_status":"closed","ping_status":"closed","template":"","meta":{"ngg_post_thumbnail":0,"footnotes":""},"class_list":["post-464","page","type-page","status-publish","hentry"],"aioseo_notices":[],"_links":{"self":[{"href":"https:\/\/almed.home.pl\/almed\/wp-json\/wp\/v2\/pages\/464","targetHints":{"allow":["GET"]}}],"collection":[{"href":"https:\/\/almed.home.pl\/almed\/wp-json\/wp\/v2\/pages"}],"about":[{"href":"https:\/\/almed.home.pl\/almed\/wp-json\/wp\/v2\/types\/page"}],"author":[{"embeddable":true,"href":"https:\/\/almed.home.pl\/almed\/wp-json\/wp\/v2\/users\/3"}],"replies":[{"embeddable":true,"href":"https:\/\/almed.home.pl\/almed\/wp-json\/wp\/v2\/comments?post=464"}],"version-history":[{"count":8,"href":"https:\/\/almed.home.pl\/almed\/wp-json\/wp\/v2\/pages\/464\/revisions"}],"predecessor-version":[{"id":513,"href":"https:\/\/almed.home.pl\/almed\/wp-json\/wp\/v2\/pages\/464\/revisions\/513"}],"wp:attachment":[{"href":"https:\/\/almed.home.pl\/almed\/wp-json\/wp\/v2\/media?parent=464"}],"curies":[{"name":"wp","href":"https:\/\/api.w.org\/{rel}","templated":true}]}}